{"id":3532,"date":"2025-12-26T08:40:30","date_gmt":"2025-12-26T08:40:30","guid":{"rendered":"https:\/\/natcha.es\/?page_id=3532"},"modified":"2026-03-24T12:06:58","modified_gmt":"2026-03-24T12:06:58","slug":"premi-tortell-creatiu-2025","status":"publish","type":"page","link":"https:\/\/natcha.es\/es\/premi-tortell-creatiu-2025\/","title":{"rendered":"Premi al Millor Tortell Creatiu de Catalunya 2025"},"content":{"rendered":"<div data-elementor-type=\"wp-page\" data-elementor-id=\"3532\" class=\"elementor elementor-3532\" data-elementor-post-type=\"page\">\n\t\t\t\t<div class=\"elementor-element elementor-element-61e32e4 e-con-full e-flex e-con e-parent\" data-id=\"61e32e4\" data-element_type=\"container\" data-e-type=\"container\" data-settings=\"{&quot;background_background&quot;:&quot;classic&quot;}\">\n\t\t\t\t<\/div>\n\t\t<div class=\"elementor-element elementor-element-e242625 e-flex e-con-boxed e-con e-parent\" data-id=\"e242625\" data-element_type=\"container\" data-e-type=\"container\">\n\t\t\t\t\t<div class=\"e-con-inner\">\n\t\t<div class=\"elementor-element elementor-element-c6b086a e-flex e-con-boxed e-con e-child\" data-id=\"c6b086a\" data-element_type=\"container\" data-e-type=\"container\">\n\t\t\t\t\t<div class=\"e-con-inner\">\n\t\t\t\t<div class=\"elementor-element elementor-element-b14c28b elementor-widget elementor-widget-heading\" data-id=\"b14c28b\" data-element_type=\"widget\" data-e-type=\"widget\" data-widget_type=\"heading.default\">\n\t\t\t\t<div class=\"elementor-widget-container\">\n\t\t\t\t\t<h1 class=\"elementor-heading-title elementor-size-default\">Pastisseria Natcha guanya el premi al Millor Tortell Creatiu de Catalunya\n2025<\/h1>\t\t\t\t<\/div>\n\t\t\t\t<\/div>\n\t\t\t\t<div class=\"elementor-element elementor-element-7e09f84 elementor-widget elementor-widget-text-editor\" data-id=\"7e09f84\" data-element_type=\"widget\" data-e-type=\"widget\" data-widget_type=\"text-editor.default\">\n\t\t\t\t<div class=\"elementor-widget-container\">\n\t\t\t\t\t\t\t\t\t<p>La pastisseria barcelonina, amb m\u00e9s de 67 anys d\u2019hist\u00f2ria familiar, culmina un any<br \/>excepcional amb un nou guard\u00f3 despr\u00e9s d\u2019haver guanyat tamb\u00e9 la Millor Coca<br \/>Creativa de Sant Joan.<\/p>\t\t\t\t\t\t\t\t<\/div>\n\t\t\t\t<\/div>\n\t\t\t\t<div class=\"elementor-element elementor-element-d6946f1 elementor-widget__width-initial elementor-widget elementor-widget-text-editor\" data-id=\"d6946f1\" data-element_type=\"widget\" data-e-type=\"widget\" data-widget_type=\"text-editor.default\">\n\t\t\t\t<div class=\"elementor-widget-container\">\n\t\t\t\t\t\t\t\t\t<p>Barcelona, 23 de desembre de 2025 \u2014 Pastisseria Natcha ha estat reconeguda amb el premi al Millor Tortell Creatiu de Catalunya 2025 en la sisena edici\u00f3 del concurs Millor Tortell de Reis de Catalunya, organitzat per Pan\u00e0tics Obra Social Ernest Verdaguer i celebrat dijous 18 de desembre a l\u2019Estaci\u00f3 del Nord de Barcelona.<\/p><p><br \/>El jurat ha destacat la proposta de Natcha per la seva creativitat, qualitat t\u00e8cnica i equilibri sensorial, en una categoria que premia la innovaci\u00f3, el domini de la massa, la qualitat del farcit, l\u2019aroma, el sabor i l\u2019experi\u00e8ncia en boca. El tortell guanyador ha sobresortit entre una cinquantena de peces presentades per professionals d\u2019arreu del territori catal\u00e0.<\/p>\t\t\t\t\t\t\t\t<\/div>\n\t\t\t\t<\/div>\n\t\t\t\t\t<\/div>\n\t\t\t\t<\/div>\n\t\t\t\t\t<\/div>\n\t\t\t\t<\/div>\n\t\t<div class=\"elementor-element elementor-element-c0f6c57 e-flex e-con-boxed e-con e-parent\" data-id=\"c0f6c57\" data-element_type=\"container\" data-e-type=\"container\">\n\t\t\t\t\t<div class=\"e-con-inner\">\n\t\t<div class=\"elementor-element elementor-element-8e626a3 e-con-full e-flex e-con e-child\" data-id=\"8e626a3\" data-element_type=\"container\" data-e-type=\"container\">\n\t\t\t\t<div class=\"elementor-element elementor-element-325d99f elementor-widget elementor-widget-image\" data-id=\"325d99f\" data-element_type=\"widget\" data-e-type=\"widget\" data-widget_type=\"image.default\">\n\t\t\t\t<div class=\"elementor-widget-container\">\n\t\t\t\t\t\t\t\t\t\t\t\t\t\t\t<img fetchpriority=\"high\" decoding=\"async\" width=\"710\" height=\"470\" src=\"https:\/\/natcha.es\/wp-content\/uploads\/2025\/12\/tortell3-1.jpg\" class=\"attachment-large size-large wp-image-3537\" alt=\"\" srcset=\"https:\/\/natcha.es\/wp-content\/uploads\/2025\/12\/tortell3-1.jpg 710w, https:\/\/natcha.es\/wp-content\/uploads\/2025\/12\/tortell3-1-300x199.jpg 300w, https:\/\/natcha.es\/wp-content\/uploads\/2025\/12\/tortell3-1-18x12.jpg 18w\" sizes=\"(max-width: 710px) 100vw, 710px\" \/>\t\t\t\t\t\t\t\t\t\t\t\t\t\t\t<\/div>\n\t\t\t\t<\/div>\n\t\t\t\t<\/div>\n\t\t<div class=\"elementor-element elementor-element-100852b e-con-full e-flex e-con e-child\" data-id=\"100852b\" data-element_type=\"container\" data-e-type=\"container\">\n\t\t\t\t<div class=\"elementor-element elementor-element-099b352 elementor-widget elementor-widget-image\" data-id=\"099b352\" data-element_type=\"widget\" data-e-type=\"widget\" data-widget_type=\"image.default\">\n\t\t\t\t<div class=\"elementor-widget-container\">\n\t\t\t\t\t\t\t\t\t\t\t\t\t\t\t<img decoding=\"async\" width=\"710\" height=\"470\" src=\"https:\/\/natcha.es\/wp-content\/uploads\/2025\/12\/tortell1.jpg\" class=\"attachment-large size-large wp-image-3516\" alt=\"\" srcset=\"https:\/\/natcha.es\/wp-content\/uploads\/2025\/12\/tortell1.jpg 710w, https:\/\/natcha.es\/wp-content\/uploads\/2025\/12\/tortell1-300x199.jpg 300w, https:\/\/natcha.es\/wp-content\/uploads\/2025\/12\/tortell1-18x12.jpg 18w\" sizes=\"(max-width: 710px) 100vw, 710px\" \/>\t\t\t\t\t\t\t\t\t\t\t\t\t\t\t<\/div>\n\t\t\t\t<\/div>\n\t\t\t\t<\/div>\n\t\t<div class=\"elementor-element elementor-element-b304d25 e-con-full e-flex e-con e-child\" data-id=\"b304d25\" data-element_type=\"container\" data-e-type=\"container\">\n\t\t\t\t<div class=\"elementor-element elementor-element-83b91f0 elementor-widget elementor-widget-image\" data-id=\"83b91f0\" data-element_type=\"widget\" data-e-type=\"widget\" data-widget_type=\"image.default\">\n\t\t\t\t<div class=\"elementor-widget-container\">\n\t\t\t\t\t\t\t\t\t\t\t\t\t\t\t<img decoding=\"async\" width=\"710\" height=\"470\" src=\"https:\/\/natcha.es\/wp-content\/uploads\/2025\/12\/tortell2.jpg\" class=\"attachment-large size-large wp-image-3515\" alt=\"\" srcset=\"https:\/\/natcha.es\/wp-content\/uploads\/2025\/12\/tortell2.jpg 710w, https:\/\/natcha.es\/wp-content\/uploads\/2025\/12\/tortell2-300x199.jpg 300w, https:\/\/natcha.es\/wp-content\/uploads\/2025\/12\/tortell2-18x12.jpg 18w\" sizes=\"(max-width: 710px) 100vw, 710px\" \/>\t\t\t\t\t\t\t\t\t\t\t\t\t\t\t<\/div>\n\t\t\t\t<\/div>\n\t\t\t\t<\/div>\n\t\t\t\t\t<\/div>\n\t\t\t\t<\/div>\n\t\t<div class=\"elementor-element elementor-element-6699525 e-flex e-con-boxed e-con e-parent\" data-id=\"6699525\" data-element_type=\"container\" data-e-type=\"container\">\n\t\t\t\t\t<div class=\"e-con-inner\">\n\t\t<div class=\"elementor-element elementor-element-d4acc0e e-con-full e-flex e-con e-child\" data-id=\"d4acc0e\" data-element_type=\"container\" data-e-type=\"container\">\n\t\t\t\t<div class=\"elementor-element elementor-element-f63f606 elementor-widget elementor-widget-heading\" data-id=\"f63f606\" data-element_type=\"widget\" data-e-type=\"widget\" data-widget_type=\"heading.default\">\n\t\t\t\t<div class=\"elementor-widget-container\">\n\t\t\t\t\t<h2 class=\"elementor-heading-title elementor-size-default\">Un tortell creatiu amb identitat pr\u00f2pia<\/h2>\t\t\t\t<\/div>\n\t\t\t\t<\/div>\n\t\t\t\t<div class=\"elementor-element elementor-element-6c416a2 elementor-widget__width-initial elementor-widget elementor-widget-text-editor\" data-id=\"6c416a2\" data-element_type=\"widget\" data-e-type=\"widget\" data-widget_type=\"text-editor.default\">\n\t\t\t\t<div class=\"elementor-widget-container\">\n\t\t\t\t\t\t\t\t\t<p>El tortell premiat ha estat elaborat pel cap d\u2019obrador de Pastisseria Natcha, Claudio Sandino, que s\u2019ha inspirat en <strong>sabors hivernals i mediterranis<\/strong> per crear una proposta elegant i lleugera. El tortell combina una fina massa de croissant farcida de crema de ricotta amb vainilla de Tahit\u00ed, ratlladura de taronja i llimona, i un crem\u00f3s de mandarina, aportant <strong>frescor i subtilesa<\/strong> al conjunt. <\/p>\t\t\t\t\t\t\t\t<\/div>\n\t\t\t\t<\/div>\n\t\t\t\t<div class=\"elementor-element elementor-element-305d944 elementor-widget elementor-widget-text-editor\" data-id=\"305d944\" data-element_type=\"widget\" data-e-type=\"widget\" data-widget_type=\"text-editor.default\">\n\t\t\t\t<div class=\"elementor-widget-container\">\n\t\t\t\t\t\t\t\t\t<p>\u201cM\u2019he inspirat en una fruita molt nadalenca i t\u00edpica de la sobretaula durant les festes. La mandarina aporta frescor, i la ricotta ens permet aconseguir un farcit m\u00e9s lleuger i equilibrat\u201d, explica Sandino, que va recollir el premi visiblement emocionat.<\/p>\t\t\t\t\t\t\t\t<\/div>\n\t\t\t\t<\/div>\n\t\t\t\t<\/div>\n\t\t<div class=\"elementor-element elementor-element-1241454 e-con-full e-flex e-con e-child\" data-id=\"1241454\" data-element_type=\"container\" data-e-type=\"container\">\n\t\t\t\t<div class=\"elementor-element elementor-element-433f522 elementor-widget elementor-widget-image\" data-id=\"433f522\" data-element_type=\"widget\" data-e-type=\"widget\" data-widget_type=\"image.default\">\n\t\t\t\t<div class=\"elementor-widget-container\">\n\t\t\t\t\t\t\t\t\t\t\t\t\t\t\t<img loading=\"lazy\" decoding=\"async\" width=\"500\" height=\"534\" src=\"https:\/\/natcha.es\/wp-content\/uploads\/2025\/12\/team-tortell1.jpg\" class=\"attachment-large size-large wp-image-3545\" alt=\"\" srcset=\"https:\/\/natcha.es\/wp-content\/uploads\/2025\/12\/team-tortell1.jpg 500w, https:\/\/natcha.es\/wp-content\/uploads\/2025\/12\/team-tortell1-281x300.jpg 281w, https:\/\/natcha.es\/wp-content\/uploads\/2025\/12\/team-tortell1-11x12.jpg 11w\" sizes=\"(max-width: 500px) 100vw, 500px\" \/>\t\t\t\t\t\t\t\t\t\t\t\t\t\t\t<\/div>\n\t\t\t\t<\/div>\n\t\t\t\t<\/div>\n\t\t\t\t\t<\/div>\n\t\t\t\t<\/div>\n\t\t<div class=\"elementor-element elementor-element-3a3c6ca e-flex e-con-boxed e-con e-parent\" data-id=\"3a3c6ca\" data-element_type=\"container\" data-e-type=\"container\">\n\t\t\t\t\t<div class=\"e-con-inner\">\n\t\t<div class=\"elementor-element elementor-element-fc298b9 e-flex e-con-boxed e-con e-child\" data-id=\"fc298b9\" data-element_type=\"container\" data-e-type=\"container\">\n\t\t\t\t\t<div class=\"e-con-inner\">\n\t\t\t\t<div class=\"elementor-element elementor-element-bc78d94 elementor-widget elementor-widget-heading\" data-id=\"bc78d94\" data-element_type=\"widget\" data-e-type=\"widget\" data-widget_type=\"heading.default\">\n\t\t\t\t<div class=\"elementor-widget-container\">\n\t\t\t\t\t<h2 class=\"elementor-heading-title elementor-size-default\">Un any excepcional per a Pastisseria Natcha \n<\/h2>\t\t\t\t<\/div>\n\t\t\t\t<\/div>\n\t\t\t\t<div class=\"elementor-element elementor-element-e5eb5aa elementor-widget__width-initial elementor-widget elementor-widget-text-editor\" data-id=\"e5eb5aa\" data-element_type=\"widget\" data-e-type=\"widget\" data-widget_type=\"text-editor.default\">\n\t\t\t\t<div class=\"elementor-widget-container\">\n\t\t\t\t\t\t\t\t\t<p>Aquest reconeixement arriba en un any especialment destacat per a Pastisseria Natcha, que <strong>el passat mes de juny tamb\u00e9 va guanyar el premi a la Millor Coca de Sant Joan<\/strong> <strong>Creativa<\/strong>, consolidant aix\u00ed la seva aposta per la reinterpretaci\u00f3 creativa dels grans cl\u00e0ssics de la pastisseria catalana. <\/p>\t\t\t\t\t\t\t\t<\/div>\n\t\t\t\t<\/div>\n\t\t\t\t<div class=\"elementor-element elementor-element-f7a7eca elementor-widget elementor-widget-text-editor\" data-id=\"f7a7eca\" data-element_type=\"widget\" data-e-type=\"widget\" data-widget_type=\"text-editor.default\">\n\t\t\t\t<div class=\"elementor-widget-container\">\n\t\t\t\t\t\t\t\t\t<p>\u201cAquest premi \u00e9s una gran alegria i un orgull immens per a tot l\u2019equip. \u00c9s el resultat de molts anys d\u2019ofici, de treball en equip i de creure que la tradici\u00f3 i la creativitat poden anar sempre de la m\u00e0. Per\u00f2 tot aix\u00f2 no seria possible sense el suport fidel del barri i de la nostra clientela, que ens acompanya i confia en nosaltres any rere any.\u201d, destaca Marta Massagu\u00e9 Riba, propiet\u00e0ria de Pastisseria Natcha.<\/p>\t\t\t\t\t\t\t\t<\/div>\n\t\t\t\t<\/div>\n\t\t\t\t<div class=\"elementor-element elementor-element-a10dc7b elementor-widget elementor-widget-heading\" data-id=\"a10dc7b\" data-element_type=\"widget\" data-e-type=\"widget\" data-widget_type=\"heading.default\">\n\t\t\t\t<div class=\"elementor-widget-container\">\n\t\t\t\t\t<h3 class=\"elementor-heading-title elementor-size-default\">Un concurs de refer\u00e8ncia i un jurat inclusiu \n<\/h3>\t\t\t\t<\/div>\n\t\t\t\t<\/div>\n\t\t\t\t<div class=\"elementor-element elementor-element-9e3b545 elementor-widget__width-initial elementor-widget elementor-widget-text-editor\" data-id=\"9e3b545\" data-element_type=\"widget\" data-e-type=\"widget\" data-widget_type=\"text-editor.default\">\n\t\t\t\t<div class=\"elementor-widget-container\">\n\t\t\t\t\t\t\t\t\t<p>El certamen s\u2019ha consolidat com una de les cites m\u00e9s rellevants del calendari gastron\u00f2mic nadalenc. El jurat, format per <strong>deu professionals de prestigi del sector<\/strong>, ha realitzat un <strong>tast cec<\/strong> per garantir la m\u00e0xima objectivitat. Com a novetat destacada d\u2019aquesta edici\u00f3, s\u2019ha incorporat al jurat <strong>Ram\u00f3n Giron\u00e9s<\/strong>, exforner i afiliat a l\u2019ONCE, que ha aportat una valoraci\u00f3 sensorial centrada en l\u2019olfacte, el tacte i el gust, refor\u00e7ant una mirada m\u00e9s inclusiva i completa del proc\u00e9s d\u2019avaluaci\u00f3. <\/p>\t\t\t\t\t\t\t\t<\/div>\n\t\t\t\t<\/div>\n\t\t\t\t<div class=\"elementor-element elementor-element-c2ae543 elementor-widget elementor-widget-heading\" data-id=\"c2ae543\" data-element_type=\"widget\" data-e-type=\"widget\" data-widget_type=\"heading.default\">\n\t\t\t\t<div class=\"elementor-widget-container\">\n\t\t\t\t\t<h3 class=\"elementor-heading-title elementor-size-default\">Comprom\u00eds social i esperit solidari \n<\/h3>\t\t\t\t<\/div>\n\t\t\t\t<\/div>\n\t\t\t\t<div class=\"elementor-element elementor-element-efb27e8 elementor-widget__width-initial elementor-widget elementor-widget-text-editor\" data-id=\"efb27e8\" data-element_type=\"widget\" data-e-type=\"widget\" data-widget_type=\"text-editor.default\">\n\t\t\t\t<div class=\"elementor-widget-container\">\n\t\t\t\t\t\t\t\t\t<p>M\u00e9s enll\u00e0 de la competici\u00f3, el concurs mant\u00e9 un fort component solidari. Els participants han pogut <strong>lliurar tortells addicionals destinats a entitats i menjadors socials<\/strong>, refor\u00e7ant el comprom\u00eds social de l\u2019Obra Social Ernest Verdaguer i del conjunt del sector artes\u00e0 durant les festes de Nadal. <\/p>\t\t\t\t\t\t\t\t<\/div>\n\t\t\t\t<\/div>\n\t\t\t\t\t<\/div>\n\t\t\t\t<\/div>\n\t\t\t\t\t<\/div>\n\t\t\t\t<\/div>\n\t\t<div class=\"elementor-element elementor-element-35590d5 e-flex e-con-boxed e-con e-parent\" data-id=\"35590d5\" data-element_type=\"container\" data-e-type=\"container\">\n\t\t\t\t\t<div class=\"e-con-inner\">\n\t\t<div class=\"elementor-element elementor-element-8816c11 e-con-full e-flex e-con e-child\" data-id=\"8816c11\" data-element_type=\"container\" data-e-type=\"container\">\n\t\t\t\t<div class=\"elementor-element elementor-element-9f2577a elementor-widget elementor-widget-image\" data-id=\"9f2577a\" data-element_type=\"widget\" data-e-type=\"widget\" data-widget_type=\"image.default\">\n\t\t\t\t<div class=\"elementor-widget-container\">\n\t\t\t\t\t\t\t\t\t\t\t\t\t\t\t<img loading=\"lazy\" decoding=\"async\" width=\"710\" height=\"470\" src=\"https:\/\/natcha.es\/wp-content\/uploads\/2025\/12\/tortell4.jpg\" class=\"attachment-large size-large wp-image-3562\" alt=\"\" srcset=\"https:\/\/natcha.es\/wp-content\/uploads\/2025\/12\/tortell4.jpg 710w, https:\/\/natcha.es\/wp-content\/uploads\/2025\/12\/tortell4-300x199.jpg 300w, https:\/\/natcha.es\/wp-content\/uploads\/2025\/12\/tortell4-18x12.jpg 18w\" sizes=\"(max-width: 710px) 100vw, 710px\" \/>\t\t\t\t\t\t\t\t\t\t\t\t\t\t\t<\/div>\n\t\t\t\t<\/div>\n\t\t\t\t<\/div>\n\t\t<div class=\"elementor-element elementor-element-51e37bd e-con-full e-flex e-con e-child\" data-id=\"51e37bd\" data-element_type=\"container\" data-e-type=\"container\">\n\t\t\t\t<div class=\"elementor-element elementor-element-2f3ff9f elementor-widget elementor-widget-heading\" data-id=\"2f3ff9f\" data-element_type=\"widget\" data-e-type=\"widget\" data-widget_type=\"heading.default\">\n\t\t\t\t<div class=\"elementor-widget-container\">\n\t\t\t\t\t<h3 class=\"elementor-heading-title elementor-size-default\">INSPIRACI\u00d3 PER FER EL TORTELL: \n<\/h3>\t\t\t\t<\/div>\n\t\t\t\t<\/div>\n\t\t\t\t<div class=\"elementor-element elementor-element-d556c25 elementor-widget__width-initial elementor-widget elementor-widget-text-editor\" data-id=\"d556c25\" data-element_type=\"widget\" data-e-type=\"widget\" data-widget_type=\"text-editor.default\">\n\t\t\t\t<div class=\"elementor-widget-container\">\n\t\t\t\t\t\t\t\t\t<p>Durant les festes ens reunim, compartim i celebrem la vida amb fam\u00edlia i amics. Enguany, a Natcha, ens hem inspirat en aquells sabors tan nostres, com la mandarina i la taronja. Fruites que durant tot l\u2019hivern ens acompanyen a cada sobretaula i omplen l\u2019ambient de notes c\u00edtriques. La ricotta, juntament amb la vainilla de Tahit\u00ed i el crem\u00f3s de mandarina, son el vehicle: aporten equilibri, matisen els sabors i hi afegeixen una lleugera dol\u00e7or. Per acabar, una massa fina que no passa gens desapercebuda: una corona cruixent i s\u00fabtil feta de massa de croissant.<\/p><p>\u00a0 <br \/><strong>Frescor l Lleugeresa l Eleg\u00e0ncia<br \/><\/strong><em><strong>Aix\u00f2 \u00e9s el que trobar\u00e0s en el Millor Tortell Creatiu de Reis.<\/strong><\/em><\/p>\t\t\t\t\t\t\t\t<\/div>\n\t\t\t\t<\/div>\n\t\t\t\t<\/div>\n\t\t\t\t\t<\/div>\n\t\t\t\t<\/div>\n\t\t<div class=\"elementor-element elementor-element-7b8465b e-flex e-con-boxed e-con e-parent\" data-id=\"7b8465b\" data-element_type=\"container\" data-e-type=\"container\">\n\t\t\t\t\t<div class=\"e-con-inner\">\n\t\t\t\t<div class=\"elementor-element elementor-element-f1031ab elementor-widget elementor-widget-button\" data-id=\"f1031ab\" data-element_type=\"widget\" data-e-type=\"widget\" data-widget_type=\"button.default\">\n\t\t\t\t<div class=\"elementor-widget-container\">\n\t\t\t\t\t\t\t\t\t<div class=\"elementor-button-wrapper\">\n\t\t\t\t\t<a class=\"elementor-button elementor-button-link elementor-size-sm\" href=\"https:\/\/natcha.es\/es\/diades\/turrones-artesanos-barcelona\/\">\n\t\t\t\t\t\t<span class=\"elementor-button-content-wrapper\">\n\t\t\t\t\t\t\t\t\t<span class=\"elementor-button-text\">VEURE ESPECIALITATS DE NADAL<\/span>\n\t\t\t\t\t<\/span>\n\t\t\t\t\t<\/a>\n\t\t\t\t<\/div>\n\t\t\t\t\t\t\t\t<\/div>\n\t\t\t\t<\/div>\n\t\t\t\t\t<\/div>\n\t\t\t\t<\/div>\n\t\t\t\t<\/div>","protected":false},"excerpt":{"rendered":"<p>Pastisseria Natcha guanya el premi al Millor Tortell Creatiu de Catalunya 2025 La pastisseria barcelonina, amb m\u00e9s de 67 anys [&hellip;]<\/p>\n","protected":false},"author":1,"featured_media":3537,"parent":0,"menu_order":0,"comment_status":"closed","ping_status":"closed","template":"","meta":{"site-sidebar-layout":"no-sidebar","site-content-layout":"","ast-site-content-layout":"full-width-container","site-content-style":"default","site-sidebar-style":"default","ast-global-header-display":"","ast-banner-title-visibility":"","ast-main-header-display":"","ast-hfb-above-header-display":"","ast-hfb-below-header-display":"","ast-hfb-mobile-header-display":"","site-post-title":"disabled","ast-breadcrumbs-content":"","ast-featured-img":"disabled","footer-sml-layout":"","ast-disable-related-posts":"","theme-transparent-header-meta":"","adv-header-id-meta":"","stick-header-meta":"","header-above-stick-meta":"","header-main-stick-meta":"","header-below-stick-meta":"","astra-migrate-meta-layouts":"default","ast-page-background-enabled":"default","ast-page-background-meta":{"desktop":{"background-color":"var(--ast-global-color-4)","background-image":"","background-repeat":"repeat","background-position":"center center","background-size":"auto","background-attachment":"scroll","background-type":"","background-media":"","overlay-type":"","overlay-color":"","overlay-opacity":"","overlay-gradient":""},"tablet":{"background-color":"","background-image":"","background-repeat":"repeat","background-position":"center center","background-size":"auto","background-attachment":"scroll","background-type":"","background-media":"","overlay-type":"","overlay-color":"","overlay-opacity":"","overlay-gradient":""},"mobile":{"background-color":"","background-image":"","background-repeat":"repeat","background-position":"center center","background-size":"auto","background-attachment":"scroll","background-type":"","background-media":"","overlay-type":"","overlay-color":"","overlay-opacity":"","overlay-gradient":""}},"ast-content-background-meta":{"desktop":{"background-color":"var(--ast-global-color-5)","background-image":"","background-repeat":"repeat","background-position":"center center","background-size":"auto","background-attachment":"scroll","background-type":"","background-media":"","overlay-type":"","overlay-color":"","overlay-opacity":"","overlay-gradient":""},"tablet":{"background-color":"var(--ast-global-color-5)","background-image":"","background-repeat":"repeat","background-position":"center center","background-size":"auto","background-attachment":"scroll","background-type":"","background-media":"","overlay-type":"","overlay-color":"","overlay-opacity":"","overlay-gradient":""},"mobile":{"background-color":"var(--ast-global-color-5)","background-image":"","background-repeat":"repeat","background-position":"center center","background-size":"auto","background-attachment":"scroll","background-type":"","background-media":"","overlay-type":"","overlay-color":"","overlay-opacity":"","overlay-gradient":""}},"footnotes":""},"class_list":["post-3532","page","type-page","status-publish","has-post-thumbnail","hentry"],"_links":{"self":[{"href":"https:\/\/natcha.es\/es\/wp-json\/wp\/v2\/pages\/3532","targetHints":{"allow":["GET"]}}],"collection":[{"href":"https:\/\/natcha.es\/es\/wp-json\/wp\/v2\/pages"}],"about":[{"href":"https:\/\/natcha.es\/es\/wp-json\/wp\/v2\/types\/page"}],"author":[{"embeddable":true,"href":"https:\/\/natcha.es\/es\/wp-json\/wp\/v2\/users\/1"}],"replies":[{"embeddable":true,"href":"https:\/\/natcha.es\/es\/wp-json\/wp\/v2\/comments?post=3532"}],"version-history":[{"count":46,"href":"https:\/\/natcha.es\/es\/wp-json\/wp\/v2\/pages\/3532\/revisions"}],"predecessor-version":[{"id":4611,"href":"https:\/\/natcha.es\/es\/wp-json\/wp\/v2\/pages\/3532\/revisions\/4611"}],"wp:featuredmedia":[{"embeddable":true,"href":"https:\/\/natcha.es\/es\/wp-json\/wp\/v2\/media\/3537"}],"wp:attachment":[{"href":"https:\/\/natcha.es\/es\/wp-json\/wp\/v2\/media?parent=3532"}],"curies":[{"name":"wp","href":"https:\/\/api.w.org\/{rel}","templated":true}]}}